{"id":6265,"date":"2022-12-12T01:30:53","date_gmt":"2022-12-12T00:30:53","guid":{"rendered":"https:\/\/www.plantopia.me\/?post_type=product&#038;p=6265"},"modified":"2023-11-19T20:24:20","modified_gmt":"2023-11-19T19:24:20","slug":"graines-radis-noir","status":"publish","type":"product","link":"https:\/\/www.plantopia.me\/ar\/produits\/graines-radis-noir\/","title":{"rendered":"\u0628\u0630\u0648\u0631 \u0632\u0631\u0627\u0639\u064a\u0629 \u0640 \u0641\u062c\u0644 \u0627\u0633\u0648\u062f"},"content":{"rendered":"<p>Graines &amp; semences de radis \u00ab\u00a0Noir\u00a0\u00bb. Livraison partout au Maroc.<\/p>\n<ul>\n<li>Vari\u00e9t\u00e9 ancienne \u00ab\u00a0Radis noir\u00a0\u00bb<\/li>\n<li>Saveur piquante<\/li>\n<li>Culture facile<\/li>\n<li>Semis : toute l&rsquo;ann\u00e9e<\/li>\n<li>R\u00e9colte : Toute l&rsquo;ann\u00e9e<\/li>\n<li>De la graine \u00e0 la r\u00e9colte : A partir de 18 jours<\/li>\n<li>Temps de germination : 7 \u00e0 10 jours<\/li>\n<li>Sachet d&rsquo;environ 100 &#8211; 170 graines<\/li>\n<\/ul>\n<p>&nbsp;<\/p>\n<h4 style=\"text-align: center;\"><strong><span style=\"font-size: 115%;\">\ud83d\udc4d Bon \u00e0 savoir :<\/span><\/strong><\/h4>\n<p>\u2600\ufe0f <strong>Exposition<\/strong> : Ensoleill\u00e9e \u00e0 mi ombre<br \/>\n<span style=\"color: #333333;\">\ud83d\udca7 <strong>Eau<\/strong> : R\u00e9gulier<\/span><span style=\"color: #333333;\"><br \/>\n<\/span><span style=\"color: #333333;\">\ud83d\udc49 <strong>Sol \/ terreau<\/strong> : Id\u00e9alement l\u00e9ger, frais et sans cailloux.<br \/>\n<\/span><span style=\"color: #333333;\">\ud83d\ude0b <strong>\u0623\u0633\u0645\u062f\u0629<\/strong> : Entre deux semis, vous pouvez apporter une dose de <a href=\"https:\/\/www.plantopia.me\/fr\/produit\/fumier-ocin-mouton-maroc-3l\/\">fumier d\u00e9compos\u00e9<\/a>, d&rsquo;<a href=\"https:\/\/www.plantopia.me\/fr\/produit\/engrais-frtslnpk-bio\/\">amendement organique<\/a> ou de <a href=\"https:\/\/www.plantopia.me\/fr\/produit\/compost-maroc-eco-10\/\">\u0643\u0648\u0645\u0628\u0648\u0633\u062a<\/a>.<\/span><\/p>","protected":false},"excerpt":{"rendered":"<p>Graines potag\u00e8res de radis noir au Maroc.<\/p>\n<p>Avec sa racine charnue, le radis noir est une vari\u00e9t\u00e9 ancienne qui se distingue par sa couleur et saveur piquante. Il agr\u00e9mente nos plats froids ou chauds durant toute l&rsquo;ann\u00e9e.<\/p>\n<p>Ees racines sont sph\u00e9riques et petites, environ 8cm de diam\u00e8tre.<\/p>\n<p>Ayant une croissance rapide, le radis peut \u00eatre install\u00e9 entre les rangs de cultures plus longues comme la carotte,\u00a0le concombre\u00a0et le haricot. En revanche, on \u00e9vite la proximit\u00e9\u00a0des courges, du tournesol et de la sarriette.<\/p>","protected":false},"featured_media":6266,"comment_status":"open","ping_status":"closed","template":"","meta":[],"product_brand":[],"product_cat":[18,37],"product_tag":[],"class_list":["post-6265","product","type-product","status-publish","has-post-thumbnail","product_cat-graineterie","product_cat-graines-de-legumes","first","instock","shipping-taxable","purchasable","product-type-simple"],"_links":{"self":[{"href":"https:\/\/www.plantopia.me\/ar\/wp-json\/wp\/v2\/product\/6265","targetHints":{"allow":["GET"]}}],"collection":[{"href":"https:\/\/www.plantopia.me\/ar\/wp-json\/wp\/v2\/product"}],"about":[{"href":"https:\/\/www.plantopia.me\/ar\/wp-json\/wp\/v2\/types\/product"}],"replies":[{"embeddable":true,"href":"https:\/\/www.plantopia.me\/ar\/wp-json\/wp\/v2\/comments?post=6265"}],"wp:featuredmedia":[{"embeddable":true,"href":"https:\/\/www.plantopia.me\/ar\/wp-json\/wp\/v2\/media\/6266"}],"wp:attachment":[{"href":"https:\/\/www.plantopia.me\/ar\/wp-json\/wp\/v2\/media?parent=6265"}],"wp:term":[{"taxonomy":"product_brand","embeddable":true,"href":"https:\/\/www.plantopia.me\/ar\/wp-json\/wp\/v2\/product_brand?post=6265"},{"taxonomy":"product_cat","embeddable":true,"href":"https:\/\/www.plantopia.me\/ar\/wp-json\/wp\/v2\/product_cat?post=6265"},{"taxonomy":"product_tag","embeddable":true,"href":"https:\/\/www.plantopia.me\/ar\/wp-json\/wp\/v2\/product_tag?post=6265"}],"curies":[{"name":"wp","href":"https:\/\/api.w.org\/{rel}","templated":true}]}}